{"id":2081,"date":"2021-04-15T01:12:27","date_gmt":"2021-04-14T23:12:27","guid":{"rendered":"https:\/\/www.centroformazione.net\/it\/?page_id=2081"},"modified":"2023-01-27T15:52:31","modified_gmt":"2023-01-27T14:52:31","slug":"formazione-per-le-scuole-formazione-specifica-dei-lavoratori","status":"publish","type":"page","link":"https:\/\/www.centroformazione.net\/it\/formazione-per-le-scuole-formazione-specifica-dei-lavoratori\/","title":{"rendered":"Formazione per le Scuole &#8211; Formazione Specifica dei Lavoratori"},"content":{"rendered":"<p><div class=\"fusion-fullwidth fullwidth-box fusion-builder-row-1 fusion-flex-container nonhundred-percent-fullwidth non-hundred-percent-height-scrolling\" style=\"--awb-border-radius-top-left:0px;--awb-border-radius-top-right:0px;--awb-border-radius-bottom-right:0px;--awb-border-radius-bottom-left:0px;--awb-flex-wrap:wrap;\" ><div class=\"fusion-builder-row fusion-row fusion-flex-align-items-flex-start fusion-flex-content-wrap\" style=\"max-width:1144px;margin-left: calc(-4% \/ 2 );margin-right: calc(-4% \/ 2 );\"><div class=\"fusion-layout-column fusion_builder_column fusion-builder-column-0 fusion_builder_column_1_1 1_1 fusion-flex-column\" style=\"--awb-bg-size:cover;--awb-width-large:100%;--awb-margin-top-large:0px;--awb-spacing-right-large:1.92%;--awb-margin-bottom-large:20px;--awb-spacing-left-large:1.92%;--awb-width-medium:100%;--awb-order-medium:0;--awb-spacing-right-medium:1.92%;--awb-spacing-left-medium:1.92%;--awb-width-small:100%;--awb-order-small:0;--awb-spacing-right-small:1.92%;--awb-spacing-left-small:1.92%;\"><div class=\"fusion-column-wrapper fusion-column-has-shadow fusion-flex-justify-content-flex-start fusion-content-layout-column\"><div class=\"fusion-text fusion-text-1\" style=\"--awb-font-size:45px;\"><h2><span style=\"color: #ff0000;\"><strong>DIRETTA STREAMING &#8211; SELEZIONA L&#8217;EDIZIONE DI TUO INTERESSE:<br \/>\n<\/strong><\/span><em>si prega cortesemente di iscriversi <\/em><span style=\"color: #ff0000;\"><strong><em>solo ad una edizione di interesse<\/em><br \/>\n<\/strong><\/span><\/h2>\n<\/div><\/div><\/div><\/div><\/div><div class=\"fusion-fullwidth fullwidth-box fusion-builder-row-2 fusion-flex-container nonhundred-percent-fullwidth non-hundred-percent-height-scrolling\" style=\"--awb-border-radius-top-left:0px;--awb-border-radius-top-right:0px;--awb-border-radius-bottom-right:0px;--awb-border-radius-bottom-left:0px;--awb-flex-wrap:wrap;\" ><div class=\"fusion-builder-row fusion-row fusion-flex-align-items-flex-start fusion-flex-content-wrap\" style=\"max-width:1144px;margin-left: calc(-4% \/ 2 );margin-right: calc(-4% \/ 2 );\"><div class=\"fusion-layout-column fusion_builder_column fusion-builder-column-1 fusion_builder_column_2_5 2_5 fusion-flex-column\" style=\"--awb-bg-size:cover;--awb-width-large:40%;--awb-margin-top-large:0px;--awb-spacing-right-large:4.8%;--awb-margin-bottom-large:20px;--awb-spacing-left-large:4.8%;--awb-width-medium:100%;--awb-order-medium:0;--awb-spacing-right-medium:1.92%;--awb-spacing-left-medium:1.92%;--awb-width-small:100%;--awb-order-small:0;--awb-spacing-right-small:1.92%;--awb-spacing-left-small:1.92%;\"><div class=\"fusion-column-wrapper fusion-column-has-shadow fusion-flex-justify-content-flex-start fusion-content-layout-column\"><div class=\"fusion-text fusion-text-2\"><h3><strong><span style=\"color: #ff0000;\">Corso 1+2:<\/span><\/strong> marted\u00ec 28 Febbraio, luned\u00ec 6 e luned\u00ec 13 Marzo 2023 (orario 13.30 &#8211; 16.10)<\/h3>\n<\/div><\/div><\/div><div class=\"fusion-layout-column fusion_builder_column fusion-builder-column-2 fusion_builder_column_1_3 1_3 fusion-flex-column\" style=\"--awb-bg-size:cover;--awb-width-large:33.333333333333%;--awb-margin-top-large:0px;--awb-spacing-right-large:5.76%;--awb-margin-bottom-large:20px;--awb-spacing-left-large:5.76%;--awb-width-medium:100%;--awb-order-medium:0;--awb-spacing-right-medium:1.92%;--awb-spacing-left-medium:1.92%;--awb-width-small:100%;--awb-order-small:0;--awb-spacing-right-small:1.92%;--awb-spacing-left-small:1.92%;\"><div class=\"fusion-column-wrapper fusion-column-has-shadow fusion-flex-justify-content-flex-start fusion-content-layout-column\"><div style=\"text-align:left;\"><a class=\"fusion-button button-flat fusion-button-default-size button-default fusion-button-default button-1 fusion-button-default-span fusion-button-default-type\" target=\"_self\" href=\"https:\/\/forms.gle\/2QtycpbBcVDN2eKm7\"><span class=\"fusion-button-text\">ISCRIVITI<\/span><\/a><\/div><\/div><\/div><\/div><\/div><div class=\"fusion-fullwidth fullwidth-box fusion-builder-row-3 fusion-flex-container nonhundred-percent-fullwidth non-hundred-percent-height-scrolling\" style=\"--awb-border-radius-top-left:0px;--awb-border-radius-top-right:0px;--awb-border-radius-bottom-right:0px;--awb-border-radius-bottom-left:0px;--awb-flex-wrap:wrap;\" ><div class=\"fusion-builder-row fusion-row fusion-flex-align-items-flex-start fusion-flex-content-wrap\" style=\"max-width:1144px;margin-left: calc(-4% \/ 2 );margin-right: calc(-4% \/ 2 );\"><div class=\"fusion-layout-column fusion_builder_column fusion-builder-column-3 fusion_builder_column_2_5 2_5 fusion-flex-column\" style=\"--awb-bg-size:cover;--awb-width-large:40%;--awb-margin-top-large:0px;--awb-spacing-right-large:4.8%;--awb-margin-bottom-large:20px;--awb-spacing-left-large:4.8%;--awb-width-medium:100%;--awb-order-medium:0;--awb-spacing-right-medium:1.92%;--awb-spacing-left-medium:1.92%;--awb-width-small:100%;--awb-order-small:0;--awb-spacing-right-small:1.92%;--awb-spacing-left-small:1.92%;\"><div class=\"fusion-column-wrapper fusion-column-has-shadow fusion-flex-justify-content-flex-start fusion-content-layout-column\"><div class=\"fusion-text fusion-text-3\"><h3><strong><span style=\"color: #ff0000;\">Corso 3+4:<\/span><\/strong> marted\u00ec 28 Febbraio, luned\u00ec 6 e luned\u00ec 13 Marzo 2023 (orario 13.30 &#8211; 16.10)<\/h3>\n<\/div><\/div><\/div><div class=\"fusion-layout-column fusion_builder_column fusion-builder-column-4 fusion_builder_column_1_3 1_3 fusion-flex-column\" style=\"--awb-bg-size:cover;--awb-width-large:33.333333333333%;--awb-margin-top-large:0px;--awb-spacing-right-large:5.76%;--awb-margin-bottom-large:20px;--awb-spacing-left-large:5.76%;--awb-width-medium:100%;--awb-order-medium:0;--awb-spacing-right-medium:1.92%;--awb-spacing-left-medium:1.92%;--awb-width-small:100%;--awb-order-small:0;--awb-spacing-right-small:1.92%;--awb-spacing-left-small:1.92%;\"><div class=\"fusion-column-wrapper fusion-column-has-shadow fusion-flex-justify-content-flex-start fusion-content-layout-column\"><div style=\"text-align:left;\"><a class=\"fusion-button button-flat fusion-button-default-size button-default fusion-button-default button-2 fusion-button-default-span fusion-button-default-type\" target=\"_self\" href=\"https:\/\/forms.gle\/DF4sBeQiQitUUyo99\"><span class=\"fusion-button-text\">ISCRIVITI<\/span><\/a><\/div><\/div><\/div><\/div><\/div><div class=\"fusion-fullwidth fullwidth-box fusion-builder-row-4 fusion-flex-container nonhundred-percent-fullwidth non-hundred-percent-height-scrolling\" style=\"--awb-border-radius-top-left:0px;--awb-border-radius-top-right:0px;--awb-border-radius-bottom-right:0px;--awb-border-radius-bottom-left:0px;--awb-flex-wrap:wrap;\" ><div class=\"fusion-builder-row fusion-row fusion-flex-align-items-flex-start fusion-flex-content-wrap\" style=\"max-width:1144px;margin-left: calc(-4% \/ 2 );margin-right: calc(-4% \/ 2 );\"><div class=\"fusion-layout-column fusion_builder_column fusion-builder-column-5 fusion_builder_column_2_5 2_5 fusion-flex-column\" style=\"--awb-bg-size:cover;--awb-width-large:40%;--awb-margin-top-large:0px;--awb-spacing-right-large:4.8%;--awb-margin-bottom-large:20px;--awb-spacing-left-large:4.8%;--awb-width-medium:100%;--awb-order-medium:0;--awb-spacing-right-medium:1.92%;--awb-spacing-left-medium:1.92%;--awb-width-small:100%;--awb-order-small:0;--awb-spacing-right-small:1.92%;--awb-spacing-left-small:1.92%;\"><div class=\"fusion-column-wrapper fusion-column-has-shadow fusion-flex-justify-content-flex-start fusion-content-layout-column\"><div class=\"fusion-text fusion-text-4\"><h3><strong><span style=\"color: #ff0000;\">Corso 5+6:<\/span><\/strong> marted\u00ec 7, mercoled\u00ec 15 e mercoled\u00ec 22 Marzo 2023 (orario 13.30 &#8211; 16.10)<\/h3>\n<\/div><\/div><\/div><div class=\"fusion-layout-column fusion_builder_column fusion-builder-column-6 fusion_builder_column_1_3 1_3 fusion-flex-column\" style=\"--awb-bg-size:cover;--awb-width-large:33.333333333333%;--awb-margin-top-large:0px;--awb-spacing-right-large:5.76%;--awb-margin-bottom-large:20px;--awb-spacing-left-large:5.76%;--awb-width-medium:100%;--awb-order-medium:0;--awb-spacing-right-medium:1.92%;--awb-spacing-left-medium:1.92%;--awb-width-small:100%;--awb-order-small:0;--awb-spacing-right-small:1.92%;--awb-spacing-left-small:1.92%;\"><div class=\"fusion-column-wrapper fusion-column-has-shadow fusion-flex-justify-content-flex-start fusion-content-layout-column\"><div style=\"text-align:left;\"><a class=\"fusion-button button-flat fusion-button-default-size button-default fusion-button-default button-3 fusion-button-default-span fusion-button-default-type\" target=\"_self\" href=\"https:\/\/forms.gle\/XTWVRXwGCSMDCmES9\"><span class=\"fusion-button-text\">ISCRIVITI<\/span><\/a><\/div><\/div><\/div><\/div><\/div><div class=\"fusion-fullwidth fullwidth-box fusion-builder-row-5 fusion-flex-container nonhundred-percent-fullwidth non-hundred-percent-height-scrolling\" style=\"--awb-border-radius-top-left:0px;--awb-border-radius-top-right:0px;--awb-border-radius-bottom-right:0px;--awb-border-radius-bottom-left:0px;--awb-flex-wrap:wrap;\" ><div class=\"fusion-builder-row fusion-row fusion-flex-align-items-flex-start fusion-flex-content-wrap\" style=\"max-width:1144px;margin-left: calc(-4% \/ 2 );margin-right: calc(-4% \/ 2 );\"><div class=\"fusion-layout-column fusion_builder_column fusion-builder-column-7 fusion_builder_column_2_5 2_5 fusion-flex-column\" style=\"--awb-bg-size:cover;--awb-width-large:40%;--awb-margin-top-large:0px;--awb-spacing-right-large:4.8%;--awb-margin-bottom-large:20px;--awb-spacing-left-large:4.8%;--awb-width-medium:100%;--awb-order-medium:0;--awb-spacing-right-medium:1.92%;--awb-spacing-left-medium:1.92%;--awb-width-small:100%;--awb-order-small:0;--awb-spacing-right-small:1.92%;--awb-spacing-left-small:1.92%;\"><div class=\"fusion-column-wrapper fusion-column-has-shadow fusion-flex-justify-content-flex-start fusion-content-layout-column\"><div class=\"fusion-text fusion-text-5\"><h3><strong><span style=\"color: #ff0000;\">Corso 7+8:<\/span><\/strong> marted\u00ec 7, mercoled\u00ec 15 e mercoled\u00ec 22 Marzo 2023 (orario 13.30 &#8211; 16.10)<\/h3>\n<\/div><\/div><\/div><div class=\"fusion-layout-column fusion_builder_column fusion-builder-column-8 fusion_builder_column_1_3 1_3 fusion-flex-column\" style=\"--awb-bg-size:cover;--awb-width-large:33.333333333333%;--awb-margin-top-large:0px;--awb-spacing-right-large:5.76%;--awb-margin-bottom-large:20px;--awb-spacing-left-large:5.76%;--awb-width-medium:100%;--awb-order-medium:0;--awb-spacing-right-medium:1.92%;--awb-spacing-left-medium:1.92%;--awb-width-small:100%;--awb-order-small:0;--awb-spacing-right-small:1.92%;--awb-spacing-left-small:1.92%;\"><div class=\"fusion-column-wrapper fusion-column-has-shadow fusion-flex-justify-content-flex-start fusion-content-layout-column\"><div style=\"text-align:left;\"><a class=\"fusion-button button-flat fusion-button-default-size button-default fusion-button-default button-4 fusion-button-default-span fusion-button-default-type\" target=\"_self\" href=\"https:\/\/forms.gle\/HUBoc971z4zLX6C2A\"><span class=\"fusion-button-text\">ISCRIVITI<\/span><\/a><\/div><\/div><\/div><\/div><\/div><div class=\"fusion-fullwidth fullwidth-box fusion-builder-row-6 fusion-flex-container nonhundred-percent-fullwidth non-hundred-percent-height-scrolling\" style=\"--awb-border-radius-top-left:0px;--awb-border-radius-top-right:0px;--awb-border-radius-bottom-right:0px;--awb-border-radius-bottom-left:0px;--awb-flex-wrap:wrap;\" ><div class=\"fusion-builder-row fusion-row fusion-flex-align-items-flex-start fusion-flex-content-wrap\" style=\"max-width:1144px;margin-left: calc(-4% \/ 2 );margin-right: calc(-4% \/ 2 );\"><div class=\"fusion-layout-column fusion_builder_column fusion-builder-column-9 fusion_builder_column_2_5 2_5 fusion-flex-column\" style=\"--awb-bg-size:cover;--awb-width-large:40%;--awb-margin-top-large:0px;--awb-spacing-right-large:4.8%;--awb-margin-bottom-large:20px;--awb-spacing-left-large:4.8%;--awb-width-medium:100%;--awb-order-medium:0;--awb-spacing-right-medium:1.92%;--awb-spacing-left-medium:1.92%;--awb-width-small:100%;--awb-order-small:0;--awb-spacing-right-small:1.92%;--awb-spacing-left-small:1.92%;\"><div class=\"fusion-column-wrapper fusion-column-has-shadow fusion-flex-justify-content-flex-start fusion-content-layout-column\"><div class=\"fusion-text fusion-text-6\"><h3><strong><span style=\"color: #ff0000;\">Corso 9+10:<\/span><\/strong> luned\u00ec 20, luned\u00ec 27 e gioved\u00ec 30 Marzo 2023 (orario 13.30 &#8211; 16.10)<\/h3>\n<\/div><\/div><\/div><div class=\"fusion-layout-column fusion_builder_column fusion-builder-column-10 fusion_builder_column_1_3 1_3 fusion-flex-column\" style=\"--awb-bg-size:cover;--awb-width-large:33.333333333333%;--awb-margin-top-large:0px;--awb-spacing-right-large:5.76%;--awb-margin-bottom-large:20px;--awb-spacing-left-large:5.76%;--awb-width-medium:100%;--awb-order-medium:0;--awb-spacing-right-medium:1.92%;--awb-spacing-left-medium:1.92%;--awb-width-small:100%;--awb-order-small:0;--awb-spacing-right-small:1.92%;--awb-spacing-left-small:1.92%;\"><div class=\"fusion-column-wrapper fusion-column-has-shadow fusion-flex-justify-content-flex-start fusion-content-layout-column\"><div style=\"text-align:left;\"><a class=\"fusion-button button-flat fusion-button-default-size button-default fusion-button-default button-5 fusion-button-default-span fusion-button-default-type\" target=\"_self\" href=\"https:\/\/forms.gle\/6yS5PJtmzGSvuPtw5\"><span class=\"fusion-button-text\">ISCRIVITI<\/span><\/a><\/div><\/div><\/div><\/div><\/div><div class=\"fusion-fullwidth fullwidth-box fusion-builder-row-7 fusion-flex-container nonhundred-percent-fullwidth non-hundred-percent-height-scrolling\" style=\"--awb-border-radius-top-left:0px;--awb-border-radius-top-right:0px;--awb-border-radius-bottom-right:0px;--awb-border-radius-bottom-left:0px;--awb-flex-wrap:wrap;\" ><div class=\"fusion-builder-row fusion-row fusion-flex-align-items-flex-start fusion-flex-content-wrap\" style=\"max-width:1144px;margin-left: calc(-4% \/ 2 );margin-right: calc(-4% \/ 2 );\"><div class=\"fusion-layout-column fusion_builder_column fusion-builder-column-11 fusion_builder_column_2_5 2_5 fusion-flex-column\" style=\"--awb-bg-size:cover;--awb-width-large:40%;--awb-margin-top-large:0px;--awb-spacing-right-large:4.8%;--awb-margin-bottom-large:20px;--awb-spacing-left-large:4.8%;--awb-width-medium:100%;--awb-order-medium:0;--awb-spacing-right-medium:1.92%;--awb-spacing-left-medium:1.92%;--awb-width-small:100%;--awb-order-small:0;--awb-spacing-right-small:1.92%;--awb-spacing-left-small:1.92%;\"><div class=\"fusion-column-wrapper fusion-column-has-shadow fusion-flex-justify-content-flex-start fusion-content-layout-column\"><div class=\"fusion-text fusion-text-7\"><h3><strong><span style=\"color: #ff0000;\">Corso 11+12:<\/span><\/strong> luned\u00ec 20, luned\u00ec 27 e gioved\u00ec 30 Marzo 2023 (orario 13.30 &#8211; 16.10)<\/h3>\n<\/div><\/div><\/div><div class=\"fusion-layout-column fusion_builder_column fusion-builder-column-12 fusion_builder_column_1_3 1_3 fusion-flex-column\" style=\"--awb-bg-size:cover;--awb-width-large:33.333333333333%;--awb-margin-top-large:0px;--awb-spacing-right-large:5.76%;--awb-margin-bottom-large:20px;--awb-spacing-left-large:5.76%;--awb-width-medium:100%;--awb-order-medium:0;--awb-spacing-right-medium:1.92%;--awb-spacing-left-medium:1.92%;--awb-width-small:100%;--awb-order-small:0;--awb-spacing-right-small:1.92%;--awb-spacing-left-small:1.92%;\"><div class=\"fusion-column-wrapper fusion-column-has-shadow fusion-flex-justify-content-flex-start fusion-content-layout-column\"><div style=\"text-align:left;\"><a class=\"fusion-button button-flat fusion-button-default-size button-default fusion-button-default button-6 fusion-button-default-span fusion-button-default-type\" target=\"_self\" href=\"https:\/\/forms.gle\/222uVwsRd17WwMuBA\"><span class=\"fusion-button-text\">ISCRIVITI<\/span><\/a><\/div><\/div><\/div><\/div><\/div><\/p>\n","protected":false},"excerpt":{"rendered":"","protected":false},"author":1,"featured_media":2150,"parent":0,"menu_order":0,"comment_status":"closed","ping_status":"closed","template":"","meta":{"footnotes":""},"class_list":["post-2081","page","type-page","status-publish","has-post-thumbnail","hentry"],"yoast_head":"<!-- This site is optimized with the Yoast SEO plugin v24.2 - https:\/\/yoast.com\/wordpress\/plugins\/seo\/ -->\n<title>Formazione per le Scuole - Formazione Specifica dei Lavoratori - Centro Formazione<\/title>\n<meta name=\"robots\" content=\"index, follow, max-snippet:-1, max-image-preview:large, max-video-preview:-1\" \/>\n<link rel=\"canonical\" href=\"https:\/\/www.centroformazione.net\/it\/formazione-per-le-scuole-formazione-specifica-dei-lavoratori\/\" \/>\n<meta property=\"og:locale\" content=\"it_IT\" \/>\n<meta property=\"og:type\" content=\"article\" \/>\n<meta property=\"og:title\" content=\"Formazione per le Scuole - Formazione Specifica dei Lavoratori - Centro Formazione\" \/>\n<meta property=\"og:url\" content=\"https:\/\/www.centroformazione.net\/it\/formazione-per-le-scuole-formazione-specifica-dei-lavoratori\/\" \/>\n<meta property=\"og:site_name\" content=\"Centro Formazione\" \/>\n<meta property=\"article:modified_time\" content=\"2023-01-27T14:52:31+00:00\" \/>\n<meta property=\"og:image\" content=\"https:\/\/www.centroformazione.net\/it\/wp-content\/uploads\/2021\/04\/Scuole_Formazione-Specifica_GREEN_STS.jpg\" \/>\n\t<meta property=\"og:image:width\" content=\"1500\" \/>\n\t<meta property=\"og:image:height\" content=\"855\" \/>\n\t<meta property=\"og:image:type\" content=\"image\/jpeg\" \/>\n<meta name=\"twitter:card\" content=\"summary_large_image\" \/>\n<meta name=\"twitter:label1\" content=\"Tempo di lettura stimato\" \/>\n\t<meta name=\"twitter:data1\" content=\"13 minuti\" \/>\n<script type=\"application\/ld+json\" class=\"yoast-schema-graph\">{\"@context\":\"https:\/\/schema.org\",\"@graph\":[{\"@type\":\"WebPage\",\"@id\":\"https:\/\/www.centroformazione.net\/it\/formazione-per-le-scuole-formazione-specifica-dei-lavoratori\/\",\"url\":\"https:\/\/www.centroformazione.net\/it\/formazione-per-le-scuole-formazione-specifica-dei-lavoratori\/\",\"name\":\"Formazione per le Scuole - Formazione Specifica dei Lavoratori - Centro Formazione\",\"isPartOf\":{\"@id\":\"https:\/\/www.centroformazione.net\/it\/#website\"},\"primaryImageOfPage\":{\"@id\":\"https:\/\/www.centroformazione.net\/it\/formazione-per-le-scuole-formazione-specifica-dei-lavoratori\/#primaryimage\"},\"image\":{\"@id\":\"https:\/\/www.centroformazione.net\/it\/formazione-per-le-scuole-formazione-specifica-dei-lavoratori\/#primaryimage\"},\"thumbnailUrl\":\"https:\/\/www.centroformazione.net\/it\/wp-content\/uploads\/2021\/04\/Scuole_Formazione-Specifica_GREEN_STS.jpg\",\"datePublished\":\"2021-04-14T23:12:27+00:00\",\"dateModified\":\"2023-01-27T14:52:31+00:00\",\"breadcrumb\":{\"@id\":\"https:\/\/www.centroformazione.net\/it\/formazione-per-le-scuole-formazione-specifica-dei-lavoratori\/#breadcrumb\"},\"inLanguage\":\"it-IT\",\"potentialAction\":[{\"@type\":\"ReadAction\",\"target\":[\"https:\/\/www.centroformazione.net\/it\/formazione-per-le-scuole-formazione-specifica-dei-lavoratori\/\"]}]},{\"@type\":\"ImageObject\",\"inLanguage\":\"it-IT\",\"@id\":\"https:\/\/www.centroformazione.net\/it\/formazione-per-le-scuole-formazione-specifica-dei-lavoratori\/#primaryimage\",\"url\":\"https:\/\/www.centroformazione.net\/it\/wp-content\/uploads\/2021\/04\/Scuole_Formazione-Specifica_GREEN_STS.jpg\",\"contentUrl\":\"https:\/\/www.centroformazione.net\/it\/wp-content\/uploads\/2021\/04\/Scuole_Formazione-Specifica_GREEN_STS.jpg\",\"width\":1500,\"height\":855},{\"@type\":\"BreadcrumbList\",\"@id\":\"https:\/\/www.centroformazione.net\/it\/formazione-per-le-scuole-formazione-specifica-dei-lavoratori\/#breadcrumb\",\"itemListElement\":[{\"@type\":\"ListItem\",\"position\":1,\"name\":\"Home\",\"item\":\"https:\/\/www.centroformazione.net\/it\/\"},{\"@type\":\"ListItem\",\"position\":2,\"name\":\"Formazione per le Scuole &#8211; Formazione Specifica dei Lavoratori\"}]},{\"@type\":\"WebSite\",\"@id\":\"https:\/\/www.centroformazione.net\/it\/#website\",\"url\":\"https:\/\/www.centroformazione.net\/it\/\",\"name\":\"Centro Formazione\",\"description\":\"Il sito di Centro di Formazione STS dedicato alla FAD\",\"publisher\":{\"@id\":\"https:\/\/www.centroformazione.net\/it\/#organization\"},\"potentialAction\":[{\"@type\":\"SearchAction\",\"target\":{\"@type\":\"EntryPoint\",\"urlTemplate\":\"https:\/\/www.centroformazione.net\/it\/?s={search_term_string}\"},\"query-input\":{\"@type\":\"PropertyValueSpecification\",\"valueRequired\":true,\"valueName\":\"search_term_string\"}}],\"inLanguage\":\"it-IT\"},{\"@type\":\"Organization\",\"@id\":\"https:\/\/www.centroformazione.net\/it\/#organization\",\"name\":\"Centro Formazione\",\"url\":\"https:\/\/www.centroformazione.net\/it\/\",\"logo\":{\"@type\":\"ImageObject\",\"inLanguage\":\"it-IT\",\"@id\":\"https:\/\/www.centroformazione.net\/it\/#\/schema\/logo\/image\/\",\"url\":\"https:\/\/www.centroformazione.net\/it\/wp-content\/uploads\/2025\/01\/Logo-CF-Rettangolare.png\",\"contentUrl\":\"https:\/\/www.centroformazione.net\/it\/wp-content\/uploads\/2025\/01\/Logo-CF-Rettangolare.png\",\"width\":500,\"height\":130,\"caption\":\"Centro Formazione\"},\"image\":{\"@id\":\"https:\/\/www.centroformazione.net\/it\/#\/schema\/logo\/image\/\"}}]}<\/script>\n<!-- \/ Yoast SEO plugin. -->","yoast_head_json":{"title":"Formazione per le Scuole - Formazione Specifica dei Lavoratori - Centro Formazione","robots":{"index":"index","follow":"follow","max-snippet":"max-snippet:-1","max-image-preview":"max-image-preview:large","max-video-preview":"max-video-preview:-1"},"canonical":"https:\/\/www.centroformazione.net\/it\/formazione-per-le-scuole-formazione-specifica-dei-lavoratori\/","og_locale":"it_IT","og_type":"article","og_title":"Formazione per le Scuole - Formazione Specifica dei Lavoratori - Centro Formazione","og_url":"https:\/\/www.centroformazione.net\/it\/formazione-per-le-scuole-formazione-specifica-dei-lavoratori\/","og_site_name":"Centro Formazione","article_modified_time":"2023-01-27T14:52:31+00:00","og_image":[{"width":1500,"height":855,"url":"https:\/\/www.centroformazione.net\/it\/wp-content\/uploads\/2021\/04\/Scuole_Formazione-Specifica_GREEN_STS.jpg","type":"image\/jpeg"}],"twitter_card":"summary_large_image","twitter_misc":{"Tempo di lettura stimato":"13 minuti"},"schema":{"@context":"https:\/\/schema.org","@graph":[{"@type":"WebPage","@id":"https:\/\/www.centroformazione.net\/it\/formazione-per-le-scuole-formazione-specifica-dei-lavoratori\/","url":"https:\/\/www.centroformazione.net\/it\/formazione-per-le-scuole-formazione-specifica-dei-lavoratori\/","name":"Formazione per le Scuole - Formazione Specifica dei Lavoratori - Centro Formazione","isPartOf":{"@id":"https:\/\/www.centroformazione.net\/it\/#website"},"primaryImageOfPage":{"@id":"https:\/\/www.centroformazione.net\/it\/formazione-per-le-scuole-formazione-specifica-dei-lavoratori\/#primaryimage"},"image":{"@id":"https:\/\/www.centroformazione.net\/it\/formazione-per-le-scuole-formazione-specifica-dei-lavoratori\/#primaryimage"},"thumbnailUrl":"https:\/\/www.centroformazione.net\/it\/wp-content\/uploads\/2021\/04\/Scuole_Formazione-Specifica_GREEN_STS.jpg","datePublished":"2021-04-14T23:12:27+00:00","dateModified":"2023-01-27T14:52:31+00:00","breadcrumb":{"@id":"https:\/\/www.centroformazione.net\/it\/formazione-per-le-scuole-formazione-specifica-dei-lavoratori\/#breadcrumb"},"inLanguage":"it-IT","potentialAction":[{"@type":"ReadAction","target":["https:\/\/www.centroformazione.net\/it\/formazione-per-le-scuole-formazione-specifica-dei-lavoratori\/"]}]},{"@type":"ImageObject","inLanguage":"it-IT","@id":"https:\/\/www.centroformazione.net\/it\/formazione-per-le-scuole-formazione-specifica-dei-lavoratori\/#primaryimage","url":"https:\/\/www.centroformazione.net\/it\/wp-content\/uploads\/2021\/04\/Scuole_Formazione-Specifica_GREEN_STS.jpg","contentUrl":"https:\/\/www.centroformazione.net\/it\/wp-content\/uploads\/2021\/04\/Scuole_Formazione-Specifica_GREEN_STS.jpg","width":1500,"height":855},{"@type":"BreadcrumbList","@id":"https:\/\/www.centroformazione.net\/it\/formazione-per-le-scuole-formazione-specifica-dei-lavoratori\/#breadcrumb","itemListElement":[{"@type":"ListItem","position":1,"name":"Home","item":"https:\/\/www.centroformazione.net\/it\/"},{"@type":"ListItem","position":2,"name":"Formazione per le Scuole &#8211; Formazione Specifica dei Lavoratori"}]},{"@type":"WebSite","@id":"https:\/\/www.centroformazione.net\/it\/#website","url":"https:\/\/www.centroformazione.net\/it\/","name":"Centro Formazione","description":"Il sito di Centro di Formazione STS dedicato alla FAD","publisher":{"@id":"https:\/\/www.centroformazione.net\/it\/#organization"},"potentialAction":[{"@type":"SearchAction","target":{"@type":"EntryPoint","urlTemplate":"https:\/\/www.centroformazione.net\/it\/?s={search_term_string}"},"query-input":{"@type":"PropertyValueSpecification","valueRequired":true,"valueName":"search_term_string"}}],"inLanguage":"it-IT"},{"@type":"Organization","@id":"https:\/\/www.centroformazione.net\/it\/#organization","name":"Centro Formazione","url":"https:\/\/www.centroformazione.net\/it\/","logo":{"@type":"ImageObject","inLanguage":"it-IT","@id":"https:\/\/www.centroformazione.net\/it\/#\/schema\/logo\/image\/","url":"https:\/\/www.centroformazione.net\/it\/wp-content\/uploads\/2025\/01\/Logo-CF-Rettangolare.png","contentUrl":"https:\/\/www.centroformazione.net\/it\/wp-content\/uploads\/2025\/01\/Logo-CF-Rettangolare.png","width":500,"height":130,"caption":"Centro Formazione"},"image":{"@id":"https:\/\/www.centroformazione.net\/it\/#\/schema\/logo\/image\/"}}]}},"_links":{"self":[{"href":"https:\/\/www.centroformazione.net\/it\/wp-json\/wp\/v2\/pages\/2081","targetHints":{"allow":["GET"]}}],"collection":[{"href":"https:\/\/www.centroformazione.net\/it\/wp-json\/wp\/v2\/pages"}],"about":[{"href":"https:\/\/www.centroformazione.net\/it\/wp-json\/wp\/v2\/types\/page"}],"author":[{"embeddable":true,"href":"https:\/\/www.centroformazione.net\/it\/wp-json\/wp\/v2\/users\/1"}],"replies":[{"embeddable":true,"href":"https:\/\/www.centroformazione.net\/it\/wp-json\/wp\/v2\/comments?post=2081"}],"version-history":[{"count":21,"href":"https:\/\/www.centroformazione.net\/it\/wp-json\/wp\/v2\/pages\/2081\/revisions"}],"predecessor-version":[{"id":5048,"href":"https:\/\/www.centroformazione.net\/it\/wp-json\/wp\/v2\/pages\/2081\/revisions\/5048"}],"wp:featuredmedia":[{"embeddable":true,"href":"https:\/\/www.centroformazione.net\/it\/wp-json\/wp\/v2\/media\/2150"}],"wp:attachment":[{"href":"https:\/\/www.centroformazione.net\/it\/wp-json\/wp\/v2\/media?parent=2081"}],"curies":[{"name":"wp","href":"https:\/\/api.w.org\/{rel}","templated":true}]}}